{"id":74,"date":"2024-02-15T20:15:31","date_gmt":"2024-02-15T19:15:31","guid":{"rendered":"http:\/\/pierrebarros.fr\/?page_id=74"},"modified":"2025-03-01T10:39:02","modified_gmt":"2025-03-01T09:39:02","slug":"en-val-doise","status":"publish","type":"page","link":"https:\/\/pierrebarros.fr\/index.php\/en-val-doise\/","title":{"rendered":"En Val d&rsquo;Oise"},"content":{"rendered":"\t\t<div data-elementor-type=\"wp-page\" data-elementor-id=\"74\" class=\"elementor elementor-74\" data-elementor-settings=\"{&quot;ha_cmc_init_switcher&quot;:&quot;no&quot;}\">\n\t\t\t\t<div class=\"elementor-element elementor-element-7eba6fcd e-flex e-con-boxed e-con e-parent\" data-id=\"7eba6fcd\" data-element_type=\"container\" data-e-type=\"container\" data-settings=\"{&quot;background_background&quot;:&quot;classic&quot;,&quot;_ha_eqh_enable&quot;:false}\">\n\t\t\t\t\t<div class=\"e-con-inner\">\n\t\t<div class=\"elementor-element elementor-element-370d364f e-flex e-con-boxed e-con e-child\" data-id=\"370d364f\" data-element_type=\"container\" data-e-type=\"container\" data-settings=\"{&quot;_ha_eqh_enable&quot;:false}\">\n\t\t\t\t\t<div class=\"e-con-inner\">\n\t\t\t\t<div class=\"elementor-element elementor-element-e8edba9 elementor-widget elementor-widget-heading\" data-id=\"e8edba9\" data-element_type=\"widget\" data-e-type=\"widget\" data-widget_type=\"heading.default\">\n\t\t\t\t<div class=\"elementor-widget-container\">\n\t\t\t\t\t<h1 class=\"elementor-heading-title elementor-size-default\">En Val d'Oise<\/h1>\t\t\t\t<\/div>\n\t\t\t\t<\/div>\n\t\t\t\t\t<\/div>\n\t\t\t\t<\/div>\n\t\t\t\t\t<\/div>\n\t\t\t\t<\/div>\n\t\t<div class=\"elementor-element elementor-element-cd6c0d7 e-flex e-con-boxed e-con e-parent\" data-id=\"cd6c0d7\" data-element_type=\"container\" data-e-type=\"container\" data-settings=\"{&quot;_ha_eqh_enable&quot;:false}\">\n\t\t\t\t\t<div class=\"e-con-inner\">\n\t\t\t\t<div class=\"elementor-element elementor-element-4fa2b24 elementor-grid-eael-col-3 elementor-grid-tablet-eael-col-2 elementor-grid-mobile-eael-col-1 elementor-widget elementor-widget-eael-post-grid\" data-id=\"4fa2b24\" data-element_type=\"widget\" data-e-type=\"widget\" data-settings=\"{&quot;eael_post_grid_columns&quot;:&quot;eael-col-3&quot;,&quot;eael_post_grid_columns_tablet&quot;:&quot;eael-col-2&quot;,&quot;eael_post_grid_columns_mobile&quot;:&quot;eael-col-1&quot;}\" data-widget_type=\"eael-post-grid.default\">\n\t\t\t\t<div class=\"elementor-widget-container\">\n\t\t\t\t\t<div id=\"eael-post-grid-4fa2b24\" class=\"eael-post-grid-container\">\n            <div class=\"eael-post-grid eael-post-appender eael-post-appender-4fa2b24 eael-post-grid-style-one\" data-layout-mode=\"grid\"><article class=\"eael-grid-post  eael-post-grid-column eael-pg-post-4938 category-en-val-doise\" data-id=\"4938\">\n        <div class=\"eael-grid-post-holder\">\n            <div class=\"eael-grid-post-holder-inner\"><div class=\"eael-entry-media\"><div class=\"eael-entry-overlay fade-in\"><i class=\"fas fa-long-arrow-alt-right\" aria-hidden=\"true\"><\/i><a href=\"https:\/\/pierrebarros.fr\/index.php\/2026\/03\/31\/a-vos-cotes-retour-en-bref-et-en-images-mars-2026\/\"><\/a><\/div><div class=\"eael-entry-thumbnail eael-image-ratio\">\n                <img fetchpriority=\"high\" decoding=\"async\" width=\"768\" height=\"512\" src=\"https:\/\/i0.wp.com\/pierrebarros.fr\/wp-content\/uploads\/2026\/04\/Vaureal.jpg?fit=768%2C512&amp;ssl=1\" class=\"attachment-medium_large size-medium_large wp-image-4933\" alt=\"\" srcset=\"https:\/\/i0.wp.com\/pierrebarros.fr\/wp-content\/uploads\/2026\/04\/Vaureal.jpg?w=1600&amp;ssl=1 1600w, https:\/\/i0.wp.com\/pierrebarros.fr\/wp-content\/uploads\/2026\/04\/Vaureal.jpg?resize=300%2C200&amp;ssl=1 300w, https:\/\/i0.wp.com\/pierrebarros.fr\/wp-content\/uploads\/2026\/04\/Vaureal.jpg?resize=1024%2C682&amp;ssl=1 1024w, https:\/\/i0.wp.com\/pierrebarros.fr\/wp-content\/uploads\/2026\/04\/Vaureal.jpg?resize=768%2C512&amp;ssl=1 768w, https:\/\/i0.wp.com\/pierrebarros.fr\/wp-content\/uploads\/2026\/04\/Vaureal.jpg?resize=1536%2C1023&amp;ssl=1 1536w\" sizes=\"(max-width: 768px) 100vw, 768px\" \/>\n            <\/div>\n        <\/div><div class=\"eael-entry-wrapper\"><header class=\"eael-entry-header\"><h4 class=\"eael-entry-title\"><a class=\"eael-grid-post-link\" href=\"https:\/\/pierrebarros.fr\/index.php\/2026\/03\/31\/a-vos-cotes-retour-en-bref-et-en-images-mars-2026\/\" title=\"A vos c\u00f4t\u00e9s &#8211; Retour en bref et en images &#8211; Mars 2026\">A vos c\u00f4t\u00e9s &#8211; Retour en bref et en images &#8211; Mars 2026<\/a><\/h4><\/header><div class=\"eael-entry-content\">\n                        <div class=\"eael-grid-post-excerpt\"><a href=\"https:\/\/pierrebarros.fr\/index.php\/2026\/03\/31\/a-vos-cotes-retour-en-bref-et-en-images-mars-2026\/\" class=\"eael-post-elements-readmore-btn\">Lire la suite<\/a><\/div>\n                    <\/div><div class=\"eael-entry-footer\"><div class=\"eael-entry-meta\"><\/div><\/div><\/div><\/div>\n        <\/div>\n    <\/article><article class=\"eael-grid-post  eael-post-grid-column eael-pg-post-4784 category-elus-et-collectivites-territoriales-en-val-doise\" data-id=\"4784\">\n        <div class=\"eael-grid-post-holder\">\n            <div class=\"eael-grid-post-holder-inner\"><div class=\"eael-entry-media\"><div class=\"eael-entry-overlay fade-in\"><i class=\"fas fa-long-arrow-alt-right\" aria-hidden=\"true\"><\/i><a href=\"https:\/\/pierrebarros.fr\/index.php\/2026\/03\/05\/merci-pour-votre-engagement\/\"><\/a><\/div><div class=\"eael-entry-thumbnail eael-image-ratio\">\n                <img decoding=\"async\" width=\"768\" height=\"396\" src=\"https:\/\/i0.wp.com\/pierrebarros.fr\/wp-content\/uploads\/2026\/03\/photo-lettre-fevrier-2026-version-definitive.jpg?fit=768%2C396&amp;ssl=1\" class=\"attachment-medium_large size-medium_large wp-image-4787\" alt=\"\" srcset=\"https:\/\/i0.wp.com\/pierrebarros.fr\/wp-content\/uploads\/2026\/03\/photo-lettre-fevrier-2026-version-definitive.jpg?w=1600&amp;ssl=1 1600w, https:\/\/i0.wp.com\/pierrebarros.fr\/wp-content\/uploads\/2026\/03\/photo-lettre-fevrier-2026-version-definitive.jpg?resize=300%2C155&amp;ssl=1 300w, https:\/\/i0.wp.com\/pierrebarros.fr\/wp-content\/uploads\/2026\/03\/photo-lettre-fevrier-2026-version-definitive.jpg?resize=1024%2C528&amp;ssl=1 1024w, https:\/\/i0.wp.com\/pierrebarros.fr\/wp-content\/uploads\/2026\/03\/photo-lettre-fevrier-2026-version-definitive.jpg?resize=768%2C396&amp;ssl=1 768w, https:\/\/i0.wp.com\/pierrebarros.fr\/wp-content\/uploads\/2026\/03\/photo-lettre-fevrier-2026-version-definitive.jpg?resize=1536%2C792&amp;ssl=1 1536w\" sizes=\"(max-width: 768px) 100vw, 768px\" \/>\n            <\/div>\n        <\/div><div class=\"eael-entry-wrapper\"><header class=\"eael-entry-header\"><h4 class=\"eael-entry-title\"><a class=\"eael-grid-post-link\" href=\"https:\/\/pierrebarros.fr\/index.php\/2026\/03\/05\/merci-pour-votre-engagement\/\" title=\"Merci pour votre engagement\">Merci pour votre engagement<\/a><\/h4><\/header><div class=\"eael-entry-content\">\n                        <div class=\"eael-grid-post-excerpt\"><a href=\"https:\/\/pierrebarros.fr\/index.php\/2026\/03\/05\/merci-pour-votre-engagement\/\" class=\"eael-post-elements-readmore-btn\">Lire la suite<\/a><\/div>\n                    <\/div><div class=\"eael-entry-footer\"><div class=\"eael-entry-meta\"><\/div><\/div><\/div><\/div>\n        <\/div>\n    <\/article><article class=\"eael-grid-post  eael-post-grid-column eael-pg-post-4847 category-en-val-doise\" data-id=\"4847\">\n        <div class=\"eael-grid-post-holder\">\n            <div class=\"eael-grid-post-holder-inner\"><div class=\"eael-entry-media\"><div class=\"eael-entry-overlay fade-in\"><i class=\"fas fa-long-arrow-alt-right\" aria-hidden=\"true\"><\/i><a href=\"https:\/\/pierrebarros.fr\/index.php\/2026\/02\/28\/a-vos-cotes-retour-en-bref-et-en-images-fevrier-2026\/\"><\/a><\/div><div class=\"eael-entry-thumbnail eael-image-ratio\">\n                <img decoding=\"async\" width=\"768\" height=\"473\" src=\"https:\/\/i0.wp.com\/pierrebarros.fr\/wp-content\/uploads\/2026\/03\/photo-illustration-article-1.jpg?fit=768%2C473&amp;ssl=1\" class=\"attachment-medium_large size-medium_large wp-image-4848\" alt=\"\" srcset=\"https:\/\/i0.wp.com\/pierrebarros.fr\/wp-content\/uploads\/2026\/03\/photo-illustration-article-1.jpg?w=1200&amp;ssl=1 1200w, https:\/\/i0.wp.com\/pierrebarros.fr\/wp-content\/uploads\/2026\/03\/photo-illustration-article-1.jpg?resize=300%2C185&amp;ssl=1 300w, https:\/\/i0.wp.com\/pierrebarros.fr\/wp-content\/uploads\/2026\/03\/photo-illustration-article-1.jpg?resize=1024%2C631&amp;ssl=1 1024w, https:\/\/i0.wp.com\/pierrebarros.fr\/wp-content\/uploads\/2026\/03\/photo-illustration-article-1.jpg?resize=768%2C473&amp;ssl=1 768w\" sizes=\"(max-width: 768px) 100vw, 768px\" \/>\n            <\/div>\n        <\/div><div class=\"eael-entry-wrapper\"><header class=\"eael-entry-header\"><h4 class=\"eael-entry-title\"><a class=\"eael-grid-post-link\" href=\"https:\/\/pierrebarros.fr\/index.php\/2026\/02\/28\/a-vos-cotes-retour-en-bref-et-en-images-fevrier-2026\/\" title=\"A vos c\u00f4t\u00e9s &#8211; Retour en bref et en images &#8211; F\u00e9vrier 2026\">A vos c\u00f4t\u00e9s &#8211; Retour en bref et en images &#8211; F\u00e9vrier 2026<\/a><\/h4><\/header><div class=\"eael-entry-content\">\n                        <div class=\"eael-grid-post-excerpt\"><a href=\"https:\/\/pierrebarros.fr\/index.php\/2026\/02\/28\/a-vos-cotes-retour-en-bref-et-en-images-fevrier-2026\/\" class=\"eael-post-elements-readmore-btn\">Lire la suite<\/a><\/div>\n                    <\/div><div class=\"eael-entry-footer\"><div class=\"eael-entry-meta\"><\/div><\/div><\/div><\/div>\n        <\/div>\n    <\/article><article class=\"eael-grid-post  eael-post-grid-column eael-pg-post-4691 category-en-val-doise\" data-id=\"4691\">\n        <div class=\"eael-grid-post-holder\">\n            <div class=\"eael-grid-post-holder-inner\"><div class=\"eael-entry-media\"><div class=\"eael-entry-overlay fade-in\"><i class=\"fas fa-long-arrow-alt-right\" aria-hidden=\"true\"><\/i><a href=\"https:\/\/pierrebarros.fr\/index.php\/2026\/01\/31\/a-vos-cotes-retour-en-bref-et-en-images-janvier-2026\/\"><\/a><\/div><div class=\"eael-entry-thumbnail eael-image-ratio\">\n                <img loading=\"lazy\" decoding=\"async\" width=\"768\" height=\"576\" src=\"https:\/\/i0.wp.com\/pierrebarros.fr\/wp-content\/uploads\/2026\/02\/26.jpg?fit=768%2C576&amp;ssl=1\" class=\"attachment-medium_large size-medium_large wp-image-4652\" alt=\"\" srcset=\"https:\/\/i0.wp.com\/pierrebarros.fr\/wp-content\/uploads\/2026\/02\/26.jpg?w=1600&amp;ssl=1 1600w, https:\/\/i0.wp.com\/pierrebarros.fr\/wp-content\/uploads\/2026\/02\/26.jpg?resize=300%2C225&amp;ssl=1 300w, https:\/\/i0.wp.com\/pierrebarros.fr\/wp-content\/uploads\/2026\/02\/26.jpg?resize=1024%2C768&amp;ssl=1 1024w, https:\/\/i0.wp.com\/pierrebarros.fr\/wp-content\/uploads\/2026\/02\/26.jpg?resize=768%2C576&amp;ssl=1 768w, https:\/\/i0.wp.com\/pierrebarros.fr\/wp-content\/uploads\/2026\/02\/26.jpg?resize=1536%2C1152&amp;ssl=1 1536w\" sizes=\"(max-width: 768px) 100vw, 768px\" \/>\n            <\/div>\n        <\/div><div class=\"eael-entry-wrapper\"><header class=\"eael-entry-header\"><h4 class=\"eael-entry-title\"><a class=\"eael-grid-post-link\" href=\"https:\/\/pierrebarros.fr\/index.php\/2026\/01\/31\/a-vos-cotes-retour-en-bref-et-en-images-janvier-2026\/\" title=\"A vos c\u00f4t\u00e9s &#8211; Retour en bref et en images &#8211; Janvier 2026\">A vos c\u00f4t\u00e9s &#8211; Retour en bref et en images &#8211; Janvier 2026<\/a><\/h4><\/header><div class=\"eael-entry-content\">\n                        <div class=\"eael-grid-post-excerpt\"><a href=\"https:\/\/pierrebarros.fr\/index.php\/2026\/01\/31\/a-vos-cotes-retour-en-bref-et-en-images-janvier-2026\/\" class=\"eael-post-elements-readmore-btn\">Lire la suite<\/a><\/div>\n                    <\/div><div class=\"eael-entry-footer\"><div class=\"eael-entry-meta\"><\/div><\/div><\/div><\/div>\n        <\/div>\n    <\/article><article class=\"eael-grid-post  eael-post-grid-column eael-pg-post-4764 category-au-senat-en-val-doise-non-classe\" data-id=\"4764\">\n        <div class=\"eael-grid-post-holder\">\n            <div class=\"eael-grid-post-holder-inner\"><div class=\"eael-entry-media\"><div class=\"eael-entry-overlay fade-in\"><i class=\"fas fa-long-arrow-alt-right\" aria-hidden=\"true\"><\/i><a href=\"https:\/\/pierrebarros.fr\/index.php\/2026\/01\/01\/a-consommer-sans-moderation-mon-bilan-2025\/\"><\/a><\/div><div class=\"eael-entry-thumbnail eael-image-ratio\">\n                <img loading=\"lazy\" decoding=\"async\" width=\"768\" height=\"455\" src=\"https:\/\/i0.wp.com\/pierrebarros.fr\/wp-content\/uploads\/2026\/02\/Pierre-Barros-_Bilan-2025.jpg?fit=768%2C455&amp;ssl=1\" class=\"attachment-medium_large size-medium_large wp-image-4596\" alt=\"\" srcset=\"https:\/\/i0.wp.com\/pierrebarros.fr\/wp-content\/uploads\/2026\/02\/Pierre-Barros-_Bilan-2025.jpg?w=1442&amp;ssl=1 1442w, https:\/\/i0.wp.com\/pierrebarros.fr\/wp-content\/uploads\/2026\/02\/Pierre-Barros-_Bilan-2025.jpg?resize=300%2C178&amp;ssl=1 300w, https:\/\/i0.wp.com\/pierrebarros.fr\/wp-content\/uploads\/2026\/02\/Pierre-Barros-_Bilan-2025.jpg?resize=1024%2C606&amp;ssl=1 1024w, https:\/\/i0.wp.com\/pierrebarros.fr\/wp-content\/uploads\/2026\/02\/Pierre-Barros-_Bilan-2025.jpg?resize=768%2C455&amp;ssl=1 768w\" sizes=\"(max-width: 768px) 100vw, 768px\" \/>\n            <\/div>\n        <\/div><div class=\"eael-entry-wrapper\"><header class=\"eael-entry-header\"><h4 class=\"eael-entry-title\"><a class=\"eael-grid-post-link\" href=\"https:\/\/pierrebarros.fr\/index.php\/2026\/01\/01\/a-consommer-sans-moderation-mon-bilan-2025\/\" title=\"A consommer sans mod\u00e9ration : mon bilan 2025 !\">A consommer sans mod\u00e9ration : mon bilan 2025 !<\/a><\/h4><\/header><div class=\"eael-entry-content\">\n                        <div class=\"eael-grid-post-excerpt\"><a href=\"https:\/\/pierrebarros.fr\/index.php\/2026\/01\/01\/a-consommer-sans-moderation-mon-bilan-2025\/\" class=\"eael-post-elements-readmore-btn\">Lire la suite<\/a><\/div>\n                    <\/div><div class=\"eael-entry-footer\"><div class=\"eael-entry-meta\"><\/div><\/div><\/div><\/div>\n        <\/div>\n    <\/article><article class=\"eael-grid-post  eael-post-grid-column eael-pg-post-4507 category-culture-et-sports-en-val-doise\" data-id=\"4507\">\n        <div class=\"eael-grid-post-holder\">\n            <div class=\"eael-grid-post-holder-inner\"><div class=\"eael-entry-media\"><div class=\"eael-entry-overlay fade-in\"><i class=\"fas fa-long-arrow-alt-right\" aria-hidden=\"true\"><\/i><a href=\"https:\/\/pierrebarros.fr\/index.php\/2026\/01\/01\/mes-meilleurs-voeux-pour-2026\/\"><\/a><\/div><div class=\"eael-entry-thumbnail eael-image-ratio\">\n                <img loading=\"lazy\" decoding=\"async\" width=\"522\" height=\"727\" src=\"https:\/\/i0.wp.com\/pierrebarros.fr\/wp-content\/uploads\/2026\/01\/Capture3bis.png?fit=522%2C727&amp;ssl=1\" class=\"attachment-medium_large size-medium_large wp-image-4514\" alt=\"\" srcset=\"https:\/\/i0.wp.com\/pierrebarros.fr\/wp-content\/uploads\/2026\/01\/Capture3bis.png?w=522&amp;ssl=1 522w, https:\/\/i0.wp.com\/pierrebarros.fr\/wp-content\/uploads\/2026\/01\/Capture3bis.png?resize=215%2C300&amp;ssl=1 215w\" sizes=\"(max-width: 522px) 100vw, 522px\" \/>\n            <\/div>\n        <\/div><div class=\"eael-entry-wrapper\"><header class=\"eael-entry-header\"><h4 class=\"eael-entry-title\"><a class=\"eael-grid-post-link\" href=\"https:\/\/pierrebarros.fr\/index.php\/2026\/01\/01\/mes-meilleurs-voeux-pour-2026\/\" title=\"Mes meilleurs v\u0153ux pour 2026 !\">Mes meilleurs v\u0153ux pour 2026 !<\/a><\/h4><\/header><div class=\"eael-entry-content\">\n                        <div class=\"eael-grid-post-excerpt\"><a href=\"https:\/\/pierrebarros.fr\/index.php\/2026\/01\/01\/mes-meilleurs-voeux-pour-2026\/\" class=\"eael-post-elements-readmore-btn\">Lire la suite<\/a><\/div>\n                    <\/div><div class=\"eael-entry-footer\"><div class=\"eael-entry-meta\"><\/div><\/div><\/div><\/div>\n        <\/div>\n    <\/article><article class=\"eael-grid-post  eael-post-grid-column eael-pg-post-4551 category-en-val-doise\" data-id=\"4551\">\n        <div class=\"eael-grid-post-holder\">\n            <div class=\"eael-grid-post-holder-inner\"><div class=\"eael-entry-media\"><div class=\"eael-entry-overlay fade-in\"><i class=\"fas fa-long-arrow-alt-right\" aria-hidden=\"true\"><\/i><a href=\"https:\/\/pierrebarros.fr\/index.php\/2025\/12\/31\/retour-en-bref-et-en-images-decembre-2025\/\"><\/a><\/div><div class=\"eael-entry-thumbnail eael-image-ratio\">\n                <img loading=\"lazy\" decoding=\"async\" width=\"768\" height=\"432\" src=\"https:\/\/i0.wp.com\/pierrebarros.fr\/wp-content\/uploads\/2026\/01\/13-2.jpg?fit=768%2C432&amp;ssl=1\" class=\"attachment-medium_large size-medium_large wp-image-4587\" alt=\"\" srcset=\"https:\/\/i0.wp.com\/pierrebarros.fr\/wp-content\/uploads\/2026\/01\/13-2.jpg?w=1600&amp;ssl=1 1600w, https:\/\/i0.wp.com\/pierrebarros.fr\/wp-content\/uploads\/2026\/01\/13-2.jpg?resize=300%2C169&amp;ssl=1 300w, https:\/\/i0.wp.com\/pierrebarros.fr\/wp-content\/uploads\/2026\/01\/13-2.jpg?resize=1024%2C576&amp;ssl=1 1024w, https:\/\/i0.wp.com\/pierrebarros.fr\/wp-content\/uploads\/2026\/01\/13-2.jpg?resize=768%2C432&amp;ssl=1 768w, https:\/\/i0.wp.com\/pierrebarros.fr\/wp-content\/uploads\/2026\/01\/13-2.jpg?resize=1536%2C864&amp;ssl=1 1536w\" sizes=\"(max-width: 768px) 100vw, 768px\" \/>\n            <\/div>\n        <\/div><div class=\"eael-entry-wrapper\"><header class=\"eael-entry-header\"><h4 class=\"eael-entry-title\"><a class=\"eael-grid-post-link\" href=\"https:\/\/pierrebarros.fr\/index.php\/2025\/12\/31\/retour-en-bref-et-en-images-decembre-2025\/\" title=\"A vos c\u00f4t\u00e9s &#8211; Retour en bref et en images &#8211; D\u00e9cembre 2025\">A vos c\u00f4t\u00e9s &#8211; Retour en bref et en images &#8211; D\u00e9cembre 2025<\/a><\/h4><\/header><div class=\"eael-entry-content\">\n                        <div class=\"eael-grid-post-excerpt\"><a href=\"https:\/\/pierrebarros.fr\/index.php\/2025\/12\/31\/retour-en-bref-et-en-images-decembre-2025\/\" class=\"eael-post-elements-readmore-btn\">Lire la suite<\/a><\/div>\n                    <\/div><div class=\"eael-entry-footer\"><div class=\"eael-entry-meta\"><\/div><\/div><\/div><\/div>\n        <\/div>\n    <\/article><article class=\"eael-grid-post  eael-post-grid-column eael-pg-post-4426 category-elus-et-collectivites-territoriales-en-val-doise\" data-id=\"4426\">\n        <div class=\"eael-grid-post-holder\">\n            <div class=\"eael-grid-post-holder-inner\"><div class=\"eael-entry-media\"><div class=\"eael-entry-overlay fade-in\"><i class=\"fas fa-long-arrow-alt-right\" aria-hidden=\"true\"><\/i><a href=\"https:\/\/pierrebarros.fr\/index.php\/2025\/12\/12\/etre-elu-local-ce-qui-change-a-partir-de-maintenant\/\"><\/a><\/div><div class=\"eael-entry-thumbnail eael-image-ratio\">\n                <img loading=\"lazy\" decoding=\"async\" width=\"768\" height=\"503\" src=\"https:\/\/i0.wp.com\/pierrebarros.fr\/wp-content\/uploads\/2025\/12\/Statut-elu-photo-PB-V2.jpg?fit=768%2C503&amp;ssl=1\" class=\"attachment-medium_large size-medium_large wp-image-4434\" alt=\"\" srcset=\"https:\/\/i0.wp.com\/pierrebarros.fr\/wp-content\/uploads\/2025\/12\/Statut-elu-photo-PB-V2.jpg?w=1200&amp;ssl=1 1200w, https:\/\/i0.wp.com\/pierrebarros.fr\/wp-content\/uploads\/2025\/12\/Statut-elu-photo-PB-V2.jpg?resize=300%2C197&amp;ssl=1 300w, https:\/\/i0.wp.com\/pierrebarros.fr\/wp-content\/uploads\/2025\/12\/Statut-elu-photo-PB-V2.jpg?resize=1024%2C671&amp;ssl=1 1024w, https:\/\/i0.wp.com\/pierrebarros.fr\/wp-content\/uploads\/2025\/12\/Statut-elu-photo-PB-V2.jpg?resize=768%2C503&amp;ssl=1 768w\" sizes=\"(max-width: 768px) 100vw, 768px\" \/>\n            <\/div>\n        <\/div><div class=\"eael-entry-wrapper\"><header class=\"eael-entry-header\"><h4 class=\"eael-entry-title\"><a class=\"eael-grid-post-link\" href=\"https:\/\/pierrebarros.fr\/index.php\/2025\/12\/12\/etre-elu-local-ce-qui-change-a-partir-de-maintenant\/\" title=\"Etre \u00e9lu local : ce qui change d\u00e8s \u00e0 pr\u00e9sent\">Etre \u00e9lu local : ce qui change d\u00e8s \u00e0 pr\u00e9sent<\/a><\/h4><\/header><div class=\"eael-entry-content\">\n                        <div class=\"eael-grid-post-excerpt\"><a href=\"https:\/\/pierrebarros.fr\/index.php\/2025\/12\/12\/etre-elu-local-ce-qui-change-a-partir-de-maintenant\/\" class=\"eael-post-elements-readmore-btn\">Lire la suite<\/a><\/div>\n                    <\/div><div class=\"eael-entry-footer\"><div class=\"eael-entry-meta\"><\/div><\/div><\/div><\/div>\n        <\/div>\n    <\/article><article class=\"eael-grid-post  eael-post-grid-column eael-pg-post-4436 category-en-val-doise\" data-id=\"4436\">\n        <div class=\"eael-grid-post-holder\">\n            <div class=\"eael-grid-post-holder-inner\"><div class=\"eael-entry-media\"><div class=\"eael-entry-overlay fade-in\"><i class=\"fas fa-long-arrow-alt-right\" aria-hidden=\"true\"><\/i><a href=\"https:\/\/pierrebarros.fr\/index.php\/2025\/11\/30\/a-vos-cotes-retour-en-bref-et-en-images-novembre-2025\/\"><\/a><\/div><div class=\"eael-entry-thumbnail eael-image-ratio\">\n                <img loading=\"lazy\" decoding=\"async\" width=\"768\" height=\"358\" src=\"https:\/\/i0.wp.com\/pierrebarros.fr\/wp-content\/uploads\/2025\/12\/3-3.jpg?fit=768%2C358&amp;ssl=1\" class=\"attachment-medium_large size-medium_large wp-image-4459\" alt=\"\" srcset=\"https:\/\/i0.wp.com\/pierrebarros.fr\/wp-content\/uploads\/2025\/12\/3-3.jpg?w=1600&amp;ssl=1 1600w, https:\/\/i0.wp.com\/pierrebarros.fr\/wp-content\/uploads\/2025\/12\/3-3.jpg?resize=300%2C140&amp;ssl=1 300w, https:\/\/i0.wp.com\/pierrebarros.fr\/wp-content\/uploads\/2025\/12\/3-3.jpg?resize=1024%2C477&amp;ssl=1 1024w, https:\/\/i0.wp.com\/pierrebarros.fr\/wp-content\/uploads\/2025\/12\/3-3.jpg?resize=768%2C358&amp;ssl=1 768w, https:\/\/i0.wp.com\/pierrebarros.fr\/wp-content\/uploads\/2025\/12\/3-3.jpg?resize=1536%2C716&amp;ssl=1 1536w\" sizes=\"(max-width: 768px) 100vw, 768px\" \/>\n            <\/div>\n        <\/div><div class=\"eael-entry-wrapper\"><header class=\"eael-entry-header\"><h4 class=\"eael-entry-title\"><a class=\"eael-grid-post-link\" href=\"https:\/\/pierrebarros.fr\/index.php\/2025\/11\/30\/a-vos-cotes-retour-en-bref-et-en-images-novembre-2025\/\" title=\"A vos c\u00f4t\u00e9s &#8211; retour en bref et en images &#8211; Novembre 2025\">A vos c\u00f4t\u00e9s &#8211; retour en bref et en images &#8211; Novembre 2025<\/a><\/h4><\/header><div class=\"eael-entry-content\">\n                        <div class=\"eael-grid-post-excerpt\"><a href=\"https:\/\/pierrebarros.fr\/index.php\/2025\/11\/30\/a-vos-cotes-retour-en-bref-et-en-images-novembre-2025\/\" class=\"eael-post-elements-readmore-btn\">Lire la suite<\/a><\/div>\n                    <\/div><div class=\"eael-entry-footer\"><div class=\"eael-entry-meta\"><\/div><\/div><\/div><\/div>\n        <\/div>\n    <\/article><article class=\"eael-grid-post  eael-post-grid-column eael-pg-post-4264 category-budget-et-finances-en-val-doise\" data-id=\"4264\">\n        <div class=\"eael-grid-post-holder\">\n            <div class=\"eael-grid-post-holder-inner\"><div class=\"eael-entry-media\"><div class=\"eael-entry-overlay fade-in\"><i class=\"fas fa-long-arrow-alt-right\" aria-hidden=\"true\"><\/i><a href=\"https:\/\/pierrebarros.fr\/index.php\/2025\/10\/17\/quel-avenir-pour-les-aides-aux-victimes-de-nuisances-aeroportuaires\/\"><\/a><\/div><div class=\"eael-entry-thumbnail eael-image-ratio\">\n                <img loading=\"lazy\" decoding=\"async\" width=\"768\" height=\"512\" src=\"https:\/\/i0.wp.com\/pierrebarros.fr\/wp-content\/uploads\/2025\/10\/avion-roissy-Grande.jpeg?fit=768%2C512&amp;ssl=1\" class=\"attachment-medium_large size-medium_large wp-image-4267\" alt=\"\" srcset=\"https:\/\/i0.wp.com\/pierrebarros.fr\/wp-content\/uploads\/2025\/10\/avion-roissy-Grande.jpeg?w=1280&amp;ssl=1 1280w, https:\/\/i0.wp.com\/pierrebarros.fr\/wp-content\/uploads\/2025\/10\/avion-roissy-Grande.jpeg?resize=300%2C200&amp;ssl=1 300w, https:\/\/i0.wp.com\/pierrebarros.fr\/wp-content\/uploads\/2025\/10\/avion-roissy-Grande.jpeg?resize=1024%2C682&amp;ssl=1 1024w, https:\/\/i0.wp.com\/pierrebarros.fr\/wp-content\/uploads\/2025\/10\/avion-roissy-Grande.jpeg?resize=768%2C512&amp;ssl=1 768w\" sizes=\"(max-width: 768px) 100vw, 768px\" \/>\n            <\/div>\n        <\/div><div class=\"eael-entry-wrapper\"><header class=\"eael-entry-header\"><h4 class=\"eael-entry-title\"><a class=\"eael-grid-post-link\" href=\"https:\/\/pierrebarros.fr\/index.php\/2025\/10\/17\/quel-avenir-pour-les-aides-aux-victimes-de-nuisances-aeroportuaires\/\" title=\"Quel avenir pour les aides aux victimes des nuisances a\u00e9roportuaires ?\">Quel avenir pour les aides aux victimes des nuisances a\u00e9roportuaires ?<\/a><\/h4><\/header><div class=\"eael-entry-content\">\n                        <div class=\"eael-grid-post-excerpt\"><a href=\"https:\/\/pierrebarros.fr\/index.php\/2025\/10\/17\/quel-avenir-pour-les-aides-aux-victimes-de-nuisances-aeroportuaires\/\" class=\"eael-post-elements-readmore-btn\">Lire la suite<\/a><\/div>\n                    <\/div><div class=\"eael-entry-footer\"><div class=\"eael-entry-meta\"><\/div><\/div><\/div><\/div>\n        <\/div>\n    <\/article><article class=\"eael-grid-post  eael-post-grid-column eael-pg-post-4075 category-en-val-doise\" data-id=\"4075\">\n        <div class=\"eael-grid-post-holder\">\n            <div class=\"eael-grid-post-holder-inner\"><div class=\"eael-entry-media\"><div class=\"eael-entry-overlay fade-in\"><i class=\"fas fa-long-arrow-alt-right\" aria-hidden=\"true\"><\/i><a href=\"https:\/\/pierrebarros.fr\/index.php\/2025\/10\/07\/valerie-pecresse-supprime-les-aides-regionales-accordees-aux-mdph\/\"><\/a><\/div><div class=\"eael-entry-thumbnail eael-image-ratio\">\n                <img loading=\"lazy\" decoding=\"async\" width=\"768\" height=\"539\" src=\"https:\/\/i0.wp.com\/pierrebarros.fr\/wp-content\/uploads\/2025\/10\/Capture-decran-2025-10-07-a-11.22.41.png?fit=768%2C539&amp;ssl=1\" class=\"attachment-medium_large size-medium_large wp-image-4077\" alt=\"\" srcset=\"https:\/\/i0.wp.com\/pierrebarros.fr\/wp-content\/uploads\/2025\/10\/Capture-decran-2025-10-07-a-11.22.41.png?w=1026&amp;ssl=1 1026w, https:\/\/i0.wp.com\/pierrebarros.fr\/wp-content\/uploads\/2025\/10\/Capture-decran-2025-10-07-a-11.22.41.png?resize=300%2C211&amp;ssl=1 300w, https:\/\/i0.wp.com\/pierrebarros.fr\/wp-content\/uploads\/2025\/10\/Capture-decran-2025-10-07-a-11.22.41.png?resize=1024%2C719&amp;ssl=1 1024w, https:\/\/i0.wp.com\/pierrebarros.fr\/wp-content\/uploads\/2025\/10\/Capture-decran-2025-10-07-a-11.22.41.png?resize=768%2C539&amp;ssl=1 768w\" sizes=\"(max-width: 768px) 100vw, 768px\" \/>\n            <\/div>\n        <\/div><div class=\"eael-entry-wrapper\"><header class=\"eael-entry-header\"><h4 class=\"eael-entry-title\"><a class=\"eael-grid-post-link\" href=\"https:\/\/pierrebarros.fr\/index.php\/2025\/10\/07\/valerie-pecresse-supprime-les-aides-regionales-accordees-aux-mdph\/\" title=\"Val\u00e9rie P\u00e9cresse supprime les aides r\u00e9gionales allou\u00e9es aux MDPH\u00a0!\">Val\u00e9rie P\u00e9cresse supprime les aides r\u00e9gionales allou\u00e9es aux MDPH\u00a0!<\/a><\/h4><\/header><div class=\"eael-entry-content\">\n                        <div class=\"eael-grid-post-excerpt\"><a href=\"https:\/\/pierrebarros.fr\/index.php\/2025\/10\/07\/valerie-pecresse-supprime-les-aides-regionales-accordees-aux-mdph\/\" class=\"eael-post-elements-readmore-btn\">Lire la suite<\/a><\/div>\n                    <\/div><div class=\"eael-entry-footer\"><div class=\"eael-entry-meta\"><\/div><\/div><\/div><\/div>\n        <\/div>\n    <\/article><article class=\"eael-grid-post  eael-post-grid-column eael-pg-post-4070 category-budget-et-finances-en-val-doise\" data-id=\"4070\">\n        <div class=\"eael-grid-post-holder\">\n            <div class=\"eael-grid-post-holder-inner\"><div class=\"eael-entry-media\"><div class=\"eael-entry-overlay fade-in\"><i class=\"fas fa-long-arrow-alt-right\" aria-hidden=\"true\"><\/i><a href=\"https:\/\/pierrebarros.fr\/index.php\/2025\/10\/07\/dotation-de-soutien-a-linvestissement-local-en-val-doise-une-baisse-continue-et-inquietante\/\"><\/a><\/div><div class=\"eael-entry-thumbnail eael-image-ratio\">\n                <img loading=\"lazy\" decoding=\"async\" width=\"768\" height=\"430\" src=\"https:\/\/i0.wp.com\/pierrebarros.fr\/wp-content\/uploads\/2025\/10\/Baisse.png?fit=768%2C430&amp;ssl=1\" class=\"attachment-medium_large size-medium_large wp-image-4074\" alt=\"\" srcset=\"https:\/\/i0.wp.com\/pierrebarros.fr\/wp-content\/uploads\/2025\/10\/Baisse.png?w=1640&amp;ssl=1 1640w, https:\/\/i0.wp.com\/pierrebarros.fr\/wp-content\/uploads\/2025\/10\/Baisse.png?resize=300%2C168&amp;ssl=1 300w, https:\/\/i0.wp.com\/pierrebarros.fr\/wp-content\/uploads\/2025\/10\/Baisse.png?resize=1024%2C573&amp;ssl=1 1024w, https:\/\/i0.wp.com\/pierrebarros.fr\/wp-content\/uploads\/2025\/10\/Baisse.png?resize=768%2C430&amp;ssl=1 768w, https:\/\/i0.wp.com\/pierrebarros.fr\/wp-content\/uploads\/2025\/10\/Baisse.png?resize=1536%2C860&amp;ssl=1 1536w\" sizes=\"(max-width: 768px) 100vw, 768px\" \/>\n            <\/div>\n        <\/div><div class=\"eael-entry-wrapper\"><header class=\"eael-entry-header\"><h4 class=\"eael-entry-title\"><a class=\"eael-grid-post-link\" href=\"https:\/\/pierrebarros.fr\/index.php\/2025\/10\/07\/dotation-de-soutien-a-linvestissement-local-en-val-doise-une-baisse-continue-et-inquietante\/\" title=\"Dotation de soutien \u00e0 l\u2019investissement local\u00a0: en Val d\u2019Oise, une baisse continue et inqui\u00e9tante\">Dotation de soutien \u00e0 l\u2019investissement local\u00a0: en Val d\u2019Oise, une baisse continue et inqui\u00e9tante<\/a><\/h4><\/header><div class=\"eael-entry-content\">\n                        <div class=\"eael-grid-post-excerpt\"><a href=\"https:\/\/pierrebarros.fr\/index.php\/2025\/10\/07\/dotation-de-soutien-a-linvestissement-local-en-val-doise-une-baisse-continue-et-inquietante\/\" class=\"eael-post-elements-readmore-btn\">Lire la suite<\/a><\/div>\n                    <\/div><div class=\"eael-entry-footer\"><div class=\"eael-entry-meta\"><\/div><\/div><\/div><\/div>\n        <\/div>\n    <\/article><article class=\"eael-grid-post  eael-post-grid-column eael-pg-post-4232 category-en-val-doise\" data-id=\"4232\">\n        <div class=\"eael-grid-post-holder\">\n            <div class=\"eael-grid-post-holder-inner\"><div class=\"eael-entry-media\"><div class=\"eael-entry-overlay fade-in\"><i class=\"fas fa-long-arrow-alt-right\" aria-hidden=\"true\"><\/i><a href=\"https:\/\/pierrebarros.fr\/index.php\/2025\/09\/30\/retour-en-bref-et-en-images-septembre-2025\/\"><\/a><\/div><div class=\"eael-entry-thumbnail eael-image-ratio\">\n                <img loading=\"lazy\" decoding=\"async\" width=\"768\" height=\"852\" src=\"https:\/\/i0.wp.com\/pierrebarros.fr\/wp-content\/uploads\/2025\/10\/60-e1760016456887.jpg?fit=768%2C852&amp;ssl=1\" class=\"attachment-medium_large size-medium_large wp-image-4153\" alt=\"\" srcset=\"https:\/\/i0.wp.com\/pierrebarros.fr\/wp-content\/uploads\/2025\/10\/60-e1760016456887.jpg?w=1190&amp;ssl=1 1190w, https:\/\/i0.wp.com\/pierrebarros.fr\/wp-content\/uploads\/2025\/10\/60-e1760016456887.jpg?resize=270%2C300&amp;ssl=1 270w, https:\/\/i0.wp.com\/pierrebarros.fr\/wp-content\/uploads\/2025\/10\/60-e1760016456887.jpg?resize=923%2C1024&amp;ssl=1 923w, https:\/\/i0.wp.com\/pierrebarros.fr\/wp-content\/uploads\/2025\/10\/60-e1760016456887.jpg?resize=768%2C852&amp;ssl=1 768w\" sizes=\"(max-width: 768px) 100vw, 768px\" \/>\n            <\/div>\n        <\/div><div class=\"eael-entry-wrapper\"><header class=\"eael-entry-header\"><h4 class=\"eael-entry-title\"><a class=\"eael-grid-post-link\" href=\"https:\/\/pierrebarros.fr\/index.php\/2025\/09\/30\/retour-en-bref-et-en-images-septembre-2025\/\" title=\"Retour en bref et en images &#8211; Septembre 2025\">Retour en bref et en images &#8211; Septembre 2025<\/a><\/h4><\/header><div class=\"eael-entry-content\">\n                        <div class=\"eael-grid-post-excerpt\"><a href=\"https:\/\/pierrebarros.fr\/index.php\/2025\/09\/30\/retour-en-bref-et-en-images-septembre-2025\/\" class=\"eael-post-elements-readmore-btn\">Lire la suite<\/a><\/div>\n                    <\/div><div class=\"eael-entry-footer\"><div class=\"eael-entry-meta\"><\/div><\/div><\/div><\/div>\n        <\/div>\n    <\/article><article class=\"eael-grid-post  eael-post-grid-column eael-pg-post-4053 category-en-val-doise\" data-id=\"4053\">\n        <div class=\"eael-grid-post-holder\">\n            <div class=\"eael-grid-post-holder-inner\"><div class=\"eael-entry-media\"><div class=\"eael-entry-overlay fade-in\"><i class=\"fas fa-long-arrow-alt-right\" aria-hidden=\"true\"><\/i><a href=\"https:\/\/pierrebarros.fr\/index.php\/2025\/09\/12\/a-vos-cotes-retour-en-bref-et-en-images-juillet-aout-2025\/\"><\/a><\/div><div class=\"eael-entry-thumbnail eael-image-ratio\">\n                <img loading=\"lazy\" decoding=\"async\" width=\"768\" height=\"512\" src=\"https:\/\/i0.wp.com\/pierrebarros.fr\/wp-content\/uploads\/2025\/09\/Goussainville1.jpg?fit=768%2C512&amp;ssl=1\" class=\"attachment-medium_large size-medium_large wp-image-4007\" alt=\"\" srcset=\"https:\/\/i0.wp.com\/pierrebarros.fr\/wp-content\/uploads\/2025\/09\/Goussainville1.jpg?w=1440&amp;ssl=1 1440w, https:\/\/i0.wp.com\/pierrebarros.fr\/wp-content\/uploads\/2025\/09\/Goussainville1.jpg?resize=300%2C200&amp;ssl=1 300w, https:\/\/i0.wp.com\/pierrebarros.fr\/wp-content\/uploads\/2025\/09\/Goussainville1.jpg?resize=1024%2C683&amp;ssl=1 1024w, https:\/\/i0.wp.com\/pierrebarros.fr\/wp-content\/uploads\/2025\/09\/Goussainville1.jpg?resize=768%2C512&amp;ssl=1 768w\" sizes=\"(max-width: 768px) 100vw, 768px\" \/>\n            <\/div>\n        <\/div><div class=\"eael-entry-wrapper\"><header class=\"eael-entry-header\"><h4 class=\"eael-entry-title\"><a class=\"eael-grid-post-link\" href=\"https:\/\/pierrebarros.fr\/index.php\/2025\/09\/12\/a-vos-cotes-retour-en-bref-et-en-images-juillet-aout-2025\/\" title=\"A vos c\u00f4t\u00e9s &#8211; Retour en bref et en images &#8211; Juillet\/Ao\u00fbt 2025\">A vos c\u00f4t\u00e9s &#8211; Retour en bref et en images &#8211; Juillet\/Ao\u00fbt 2025<\/a><\/h4><\/header><div class=\"eael-entry-content\">\n                        <div class=\"eael-grid-post-excerpt\"><a href=\"https:\/\/pierrebarros.fr\/index.php\/2025\/09\/12\/a-vos-cotes-retour-en-bref-et-en-images-juillet-aout-2025\/\" class=\"eael-post-elements-readmore-btn\">Lire la suite<\/a><\/div>\n                    <\/div><div class=\"eael-entry-footer\"><div class=\"eael-entry-meta\"><\/div><\/div><\/div><\/div>\n        <\/div>\n    <\/article><article class=\"eael-grid-post  eael-post-grid-column eael-pg-post-3960 category-en-val-doise-sante-et-solidarite-territoriale\" data-id=\"3960\">\n        <div class=\"eael-grid-post-holder\">\n            <div class=\"eael-grid-post-holder-inner\"><div class=\"eael-entry-media\"><div class=\"eael-entry-overlay fade-in\"><i class=\"fas fa-long-arrow-alt-right\" aria-hidden=\"true\"><\/i><a href=\"https:\/\/pierrebarros.fr\/index.php\/2025\/09\/04\/ameliorer-lacces-aux-soins-dans-le-val-doise\/\"><\/a><\/div><div class=\"eael-entry-thumbnail eael-image-ratio\">\n                <img loading=\"lazy\" decoding=\"async\" width=\"768\" height=\"512\" src=\"https:\/\/i0.wp.com\/pierrebarros.fr\/wp-content\/uploads\/2025\/09\/medecine-scaled.jpeg?fit=768%2C512&amp;ssl=1\" class=\"attachment-medium_large size-medium_large wp-image-3962\" alt=\"\" srcset=\"https:\/\/i0.wp.com\/pierrebarros.fr\/wp-content\/uploads\/2025\/09\/medecine-scaled.jpeg?w=2560&amp;ssl=1 2560w, https:\/\/i0.wp.com\/pierrebarros.fr\/wp-content\/uploads\/2025\/09\/medecine-scaled.jpeg?resize=300%2C200&amp;ssl=1 300w, https:\/\/i0.wp.com\/pierrebarros.fr\/wp-content\/uploads\/2025\/09\/medecine-scaled.jpeg?resize=1024%2C683&amp;ssl=1 1024w, https:\/\/i0.wp.com\/pierrebarros.fr\/wp-content\/uploads\/2025\/09\/medecine-scaled.jpeg?resize=768%2C512&amp;ssl=1 768w, https:\/\/i0.wp.com\/pierrebarros.fr\/wp-content\/uploads\/2025\/09\/medecine-scaled.jpeg?resize=1536%2C1024&amp;ssl=1 1536w, https:\/\/i0.wp.com\/pierrebarros.fr\/wp-content\/uploads\/2025\/09\/medecine-scaled.jpeg?resize=2048%2C1365&amp;ssl=1 2048w\" sizes=\"(max-width: 768px) 100vw, 768px\" \/>\n            <\/div>\n        <\/div><div class=\"eael-entry-wrapper\"><header class=\"eael-entry-header\"><h4 class=\"eael-entry-title\"><a class=\"eael-grid-post-link\" href=\"https:\/\/pierrebarros.fr\/index.php\/2025\/09\/04\/ameliorer-lacces-aux-soins-dans-le-val-doise\/\" title=\"Am\u00e9liorer l\u2019acc\u00e8s aux soins dans le Val d\u2019Oise\">Am\u00e9liorer l\u2019acc\u00e8s aux soins dans le Val d\u2019Oise<\/a><\/h4><\/header><div class=\"eael-entry-content\">\n                        <div class=\"eael-grid-post-excerpt\"><a href=\"https:\/\/pierrebarros.fr\/index.php\/2025\/09\/04\/ameliorer-lacces-aux-soins-dans-le-val-doise\/\" class=\"eael-post-elements-readmore-btn\">Lire la suite<\/a><\/div>\n                    <\/div><div class=\"eael-entry-footer\"><div class=\"eael-entry-meta\"><\/div><\/div><\/div><\/div>\n        <\/div>\n    <\/article><article class=\"eael-grid-post  eael-post-grid-column eael-pg-post-3942 category-en-val-doise-sante-et-solidarite-territoriale\" data-id=\"3942\">\n        <div class=\"eael-grid-post-holder\">\n            <div class=\"eael-grid-post-holder-inner\"><div class=\"eael-entry-media\"><div class=\"eael-entry-overlay fade-in\"><i class=\"fas fa-long-arrow-alt-right\" aria-hidden=\"true\"><\/i><a href=\"https:\/\/pierrebarros.fr\/index.php\/2025\/07\/03\/retour-sur-une-rencontre-bouleversante-au-secours-catholique-de-cergy\/\"><\/a><\/div><div class=\"eael-entry-thumbnail eael-image-ratio\">\n                <img loading=\"lazy\" decoding=\"async\" width=\"640\" height=\"480\" src=\"https:\/\/i0.wp.com\/pierrebarros.fr\/wp-content\/uploads\/2025\/07\/Secours-catho-95-Moyenne.jpeg?fit=640%2C480&amp;ssl=1\" class=\"attachment-medium_large size-medium_large wp-image-3943\" alt=\"\" srcset=\"https:\/\/i0.wp.com\/pierrebarros.fr\/wp-content\/uploads\/2025\/07\/Secours-catho-95-Moyenne.jpeg?w=640&amp;ssl=1 640w, https:\/\/i0.wp.com\/pierrebarros.fr\/wp-content\/uploads\/2025\/07\/Secours-catho-95-Moyenne.jpeg?resize=300%2C225&amp;ssl=1 300w\" sizes=\"(max-width: 640px) 100vw, 640px\" \/>\n            <\/div>\n        <\/div><div class=\"eael-entry-wrapper\"><header class=\"eael-entry-header\"><h4 class=\"eael-entry-title\"><a class=\"eael-grid-post-link\" href=\"https:\/\/pierrebarros.fr\/index.php\/2025\/07\/03\/retour-sur-une-rencontre-bouleversante-au-secours-catholique-de-cergy\/\" title=\"Retour sur une rencontre bouleversante au Secours Catholique de Cergy\">Retour sur une rencontre bouleversante au Secours Catholique de Cergy<\/a><\/h4><\/header><div class=\"eael-entry-content\">\n                        <div class=\"eael-grid-post-excerpt\"><a href=\"https:\/\/pierrebarros.fr\/index.php\/2025\/07\/03\/retour-sur-une-rencontre-bouleversante-au-secours-catholique-de-cergy\/\" class=\"eael-post-elements-readmore-btn\">Lire la suite<\/a><\/div>\n                    <\/div><div class=\"eael-entry-footer\"><div class=\"eael-entry-meta\"><\/div><\/div><\/div><\/div>\n        <\/div>\n    <\/article><article class=\"eael-grid-post  eael-post-grid-column eael-pg-post-3878 category-en-val-doise\" data-id=\"3878\">\n        <div class=\"eael-grid-post-holder\">\n            <div class=\"eael-grid-post-holder-inner\"><div class=\"eael-entry-media\"><div class=\"eael-entry-overlay fade-in\"><i class=\"fas fa-long-arrow-alt-right\" aria-hidden=\"true\"><\/i><a href=\"https:\/\/pierrebarros.fr\/index.php\/2025\/07\/03\/a-vos-cotes-retour-en-bref-et-en-images-juin-2025\/\"><\/a><\/div><div class=\"eael-entry-thumbnail eael-image-ratio\">\n                <img loading=\"lazy\" decoding=\"async\" width=\"640\" height=\"427\" src=\"https:\/\/i0.wp.com\/pierrebarros.fr\/wp-content\/uploads\/2025\/07\/IMG_6709-Moyenne.jpeg?fit=640%2C427&amp;ssl=1\" class=\"attachment-medium_large size-medium_large wp-image-3727\" alt=\"\" srcset=\"https:\/\/i0.wp.com\/pierrebarros.fr\/wp-content\/uploads\/2025\/07\/IMG_6709-Moyenne.jpeg?w=640&amp;ssl=1 640w, https:\/\/i0.wp.com\/pierrebarros.fr\/wp-content\/uploads\/2025\/07\/IMG_6709-Moyenne.jpeg?resize=300%2C200&amp;ssl=1 300w\" sizes=\"(max-width: 640px) 100vw, 640px\" \/>\n            <\/div>\n        <\/div><div class=\"eael-entry-wrapper\"><header class=\"eael-entry-header\"><h4 class=\"eael-entry-title\"><a class=\"eael-grid-post-link\" href=\"https:\/\/pierrebarros.fr\/index.php\/2025\/07\/03\/a-vos-cotes-retour-en-bref-et-en-images-juin-2025\/\" title=\"A vos c\u00f4t\u00e9s &#8211; Retour en bref et en images &#8211; Juin 2025\">A vos c\u00f4t\u00e9s &#8211; Retour en bref et en images &#8211; Juin 2025<\/a><\/h4><\/header><div class=\"eael-entry-content\">\n                        <div class=\"eael-grid-post-excerpt\"><a href=\"https:\/\/pierrebarros.fr\/index.php\/2025\/07\/03\/a-vos-cotes-retour-en-bref-et-en-images-juin-2025\/\" class=\"eael-post-elements-readmore-btn\">Lire la suite<\/a><\/div>\n                    <\/div><div class=\"eael-entry-footer\"><div class=\"eael-entry-meta\"><\/div><\/div><\/div><\/div>\n        <\/div>\n    <\/article><article class=\"eael-grid-post  eael-post-grid-column eael-pg-post-3067 category-en-val-doise\" data-id=\"3067\">\n        <div class=\"eael-grid-post-holder\">\n            <div class=\"eael-grid-post-holder-inner\"><div class=\"eael-entry-media\"><div class=\"eael-entry-overlay fade-in\"><i class=\"fas fa-long-arrow-alt-right\" aria-hidden=\"true\"><\/i><a href=\"https:\/\/pierrebarros.fr\/index.php\/2025\/05\/14\/retour-en-bref-et-en-images-avril-2025\/\"><\/a><\/div><div class=\"eael-entry-thumbnail eael-image-ratio\">\n                <img loading=\"lazy\" decoding=\"async\" width=\"768\" height=\"576\" src=\"https:\/\/i0.wp.com\/pierrebarros.fr\/wp-content\/uploads\/2025\/05\/9-3.jpg?fit=768%2C576&amp;ssl=1\" class=\"attachment-medium_large size-medium_large wp-image-3039\" alt=\"\" srcset=\"https:\/\/i0.wp.com\/pierrebarros.fr\/wp-content\/uploads\/2025\/05\/9-3.jpg?w=1600&amp;ssl=1 1600w, https:\/\/i0.wp.com\/pierrebarros.fr\/wp-content\/uploads\/2025\/05\/9-3.jpg?resize=300%2C225&amp;ssl=1 300w, https:\/\/i0.wp.com\/pierrebarros.fr\/wp-content\/uploads\/2025\/05\/9-3.jpg?resize=1024%2C768&amp;ssl=1 1024w, https:\/\/i0.wp.com\/pierrebarros.fr\/wp-content\/uploads\/2025\/05\/9-3.jpg?resize=768%2C576&amp;ssl=1 768w, https:\/\/i0.wp.com\/pierrebarros.fr\/wp-content\/uploads\/2025\/05\/9-3.jpg?resize=1536%2C1152&amp;ssl=1 1536w\" sizes=\"(max-width: 768px) 100vw, 768px\" \/>\n            <\/div>\n        <\/div><div class=\"eael-entry-wrapper\"><header class=\"eael-entry-header\"><h4 class=\"eael-entry-title\"><a class=\"eael-grid-post-link\" href=\"https:\/\/pierrebarros.fr\/index.php\/2025\/05\/14\/retour-en-bref-et-en-images-avril-2025\/\" title=\"A vos c\u00f4t\u00e9s &#8211; Retour en bref et en images &#8211; Avril 2025\">A vos c\u00f4t\u00e9s &#8211; Retour en bref et en images &#8211; Avril 2025<\/a><\/h4><\/header><div class=\"eael-entry-content\">\n                        <div class=\"eael-grid-post-excerpt\"><a href=\"https:\/\/pierrebarros.fr\/index.php\/2025\/05\/14\/retour-en-bref-et-en-images-avril-2025\/\" class=\"eael-post-elements-readmore-btn\">Lire la suite<\/a><\/div>\n                    <\/div><div class=\"eael-entry-footer\"><div class=\"eael-entry-meta\"><\/div><\/div><\/div><\/div>\n        <\/div>\n    <\/article><article class=\"eael-grid-post  eael-post-grid-column eael-pg-post-2914 category-en-val-doise-securite-et-tranquillite-publique\" data-id=\"2914\">\n        <div class=\"eael-grid-post-holder\">\n            <div class=\"eael-grid-post-holder-inner\"><div class=\"eael-entry-media\"><div class=\"eael-entry-overlay fade-in\"><i class=\"fas fa-long-arrow-alt-right\" aria-hidden=\"true\"><\/i><a href=\"https:\/\/pierrebarros.fr\/index.php\/2025\/05\/06\/osny-lenvers-de-la-surpopulation-carcerale\/\"><\/a><\/div><div class=\"eael-entry-thumbnail eael-image-ratio\">\n                <img loading=\"lazy\" decoding=\"async\" width=\"768\" height=\"1024\" src=\"https:\/\/i0.wp.com\/pierrebarros.fr\/wp-content\/uploads\/2025\/05\/MAOSNY1-1.jpg?fit=768%2C1024&amp;ssl=1\" class=\"attachment-medium_large size-medium_large wp-image-2922\" alt=\"\" srcset=\"https:\/\/i0.wp.com\/pierrebarros.fr\/wp-content\/uploads\/2025\/05\/MAOSNY1-1.jpg?w=1084&amp;ssl=1 1084w, https:\/\/i0.wp.com\/pierrebarros.fr\/wp-content\/uploads\/2025\/05\/MAOSNY1-1.jpg?resize=225%2C300&amp;ssl=1 225w, https:\/\/i0.wp.com\/pierrebarros.fr\/wp-content\/uploads\/2025\/05\/MAOSNY1-1.jpg?resize=768%2C1024&amp;ssl=1 768w\" sizes=\"(max-width: 768px) 100vw, 768px\" \/>\n            <\/div>\n        <\/div><div class=\"eael-entry-wrapper\"><header class=\"eael-entry-header\"><h4 class=\"eael-entry-title\"><a class=\"eael-grid-post-link\" href=\"https:\/\/pierrebarros.fr\/index.php\/2025\/05\/06\/osny-lenvers-de-la-surpopulation-carcerale\/\" title=\"Osny : l\u2019envers de la surpopulation carc\u00e9rale\">Osny : l\u2019envers de la surpopulation carc\u00e9rale<\/a><\/h4><\/header><div class=\"eael-entry-content\">\n                        <div class=\"eael-grid-post-excerpt\"><a href=\"https:\/\/pierrebarros.fr\/index.php\/2025\/05\/06\/osny-lenvers-de-la-surpopulation-carcerale\/\" class=\"eael-post-elements-readmore-btn\">Lire la suite<\/a><\/div>\n                    <\/div><div class=\"eael-entry-footer\"><div class=\"eael-entry-meta\"><\/div><\/div><\/div><\/div>\n        <\/div>\n    <\/article><article class=\"eael-grid-post  eael-post-grid-column eael-pg-post-2726 category-en-val-doise\" data-id=\"2726\">\n        <div class=\"eael-grid-post-holder\">\n            <div class=\"eael-grid-post-holder-inner\"><div class=\"eael-entry-media\"><div class=\"eael-entry-overlay fade-in\"><i class=\"fas fa-long-arrow-alt-right\" aria-hidden=\"true\"><\/i><a href=\"https:\/\/pierrebarros.fr\/index.php\/2025\/03\/31\/a-vos-cotes-retour-en-bref-et-en-images-mars-2025\/\"><\/a><\/div><div class=\"eael-entry-thumbnail eael-image-ratio\">\n                <img loading=\"lazy\" decoding=\"async\" width=\"768\" height=\"1024\" src=\"https:\/\/i0.wp.com\/pierrebarros.fr\/wp-content\/uploads\/2025\/04\/1-1.jpg?fit=768%2C1024&amp;ssl=1\" class=\"attachment-medium_large size-medium_large wp-image-2798\" alt=\"\" srcset=\"https:\/\/i0.wp.com\/pierrebarros.fr\/wp-content\/uploads\/2025\/04\/1-1.jpg?w=1200&amp;ssl=1 1200w, https:\/\/i0.wp.com\/pierrebarros.fr\/wp-content\/uploads\/2025\/04\/1-1.jpg?resize=225%2C300&amp;ssl=1 225w, https:\/\/i0.wp.com\/pierrebarros.fr\/wp-content\/uploads\/2025\/04\/1-1.jpg?resize=768%2C1024&amp;ssl=1 768w, https:\/\/i0.wp.com\/pierrebarros.fr\/wp-content\/uploads\/2025\/04\/1-1.jpg?resize=1152%2C1536&amp;ssl=1 1152w\" sizes=\"(max-width: 768px) 100vw, 768px\" \/>\n            <\/div>\n        <\/div><div class=\"eael-entry-wrapper\"><header class=\"eael-entry-header\"><h4 class=\"eael-entry-title\"><a class=\"eael-grid-post-link\" href=\"https:\/\/pierrebarros.fr\/index.php\/2025\/03\/31\/a-vos-cotes-retour-en-bref-et-en-images-mars-2025\/\" title=\"A vos c\u00f4t\u00e9s &#8211; Retour en bref et en images &#8211; Mars 2025\">A vos c\u00f4t\u00e9s &#8211; Retour en bref et en images &#8211; Mars 2025<\/a><\/h4><\/header><div class=\"eael-entry-content\">\n                        <div class=\"eael-grid-post-excerpt\"><a href=\"https:\/\/pierrebarros.fr\/index.php\/2025\/03\/31\/a-vos-cotes-retour-en-bref-et-en-images-mars-2025\/\" class=\"eael-post-elements-readmore-btn\">Lire la suite<\/a><\/div>\n                    <\/div><div class=\"eael-entry-footer\"><div class=\"eael-entry-meta\"><\/div><\/div><\/div><\/div>\n        <\/div>\n    <\/article><\/div>\n            <div class=\"clearfix\"><\/div>\n        <\/div>            <div class=\"eael-load-more-button-wrap eael-force-hide\">\n                <button class=\"eael-load-more-button\" id=\"eael-load-more-btn-4fa2b24\" data-widget-id=\"4fa2b24\" data-widget=\"4fa2b24\" data-page-id=\"74\" data-template=\"{&quot;dir&quot;:&quot;lite&quot;,&quot;file_name&quot;:&quot;one.php&quot;,&quot;name&quot;:&quot;Post-Grid&quot;}\" data-class=\"Essential_Addons_Elementor\\Elements\\Post_Grid\" data-layout=\"grid\" data-page=\"1\" data-args=\"orderby=date&amp;order=desc&amp;ignore_sticky_posts=1&amp;post_status=publish&amp;posts_per_page=20&amp;offset=0&amp;post_type=post&amp;tax_query%5B0%5D%5Btaxonomy%5D=category&amp;tax_query%5B0%5D%5Bfield%5D=term_id&amp;tax_query%5B0%5D%5Bterms%5D%5B0%5D=24&amp;tax_query%5Brelation%5D=AND\" data-max-page=\"4\">\n                    <span class=\"eael-btn-loader button__loader\"><\/span>\n                    <span class=\"eael_load_more_text\">Load More<\/span>\n                <\/button>\n            <\/div>\n            \t\t\t\t<\/div>\n\t\t\t\t<\/div>\n\t\t\t\t\t<\/div>\n\t\t\t\t<\/div>\n\t\t\t\t<\/div>\n\t\t","protected":false},"excerpt":{"rendered":"<p>En Val d&rsquo;Oise A vos c\u00f4t\u00e9s &#8211; Retour en bref et en images &#8211; Janvier 2025 Lire la suite A [&hellip;]<\/p>\n","protected":false},"author":2,"featured_media":0,"parent":0,"menu_order":0,"comment_status":"closed","ping_status":"closed","template":"","meta":{"site-sidebar-layout":"no-sidebar","site-content-layout":"","ast-site-content-layout":"full-width-container","site-content-style":"default","site-sidebar-style":"default","ast-global-header-display":"","ast-banner-title-visibility":"","ast-main-header-display":"","ast-hfb-above-header-display":"","ast-hfb-below-header-display":"","ast-hfb-mobile-header-display":"","site-post-title":"disabled","ast-breadcrumbs-content":"","ast-featured-img":"disabled","footer-sml-layout":"","ast-disable-related-posts":"","theme-transparent-header-meta":"","adv-header-id-meta":"","stick-header-meta":"","header-above-stick-meta":"","header-main-stick-meta":"","header-below-stick-meta":"","astra-migrate-meta-layouts":"default","ast-page-background-enabled":"default","ast-page-background-meta":{"desktop":{"background-color":"var(--ast-global-color-4)","background-image":"","background-repeat":"repeat","background-position":"center center","background-size":"auto","background-attachment":"scroll","background-type":"","background-media":"","overlay-type":"","overlay-color":"","overlay-opacity":"","overlay-gradient":""},"tablet":{"background-color":"","background-image":"","background-repeat":"repeat","background-position":"center center","background-size":"auto","background-attachment":"scroll","background-type":"","background-media":"","overlay-type":"","overlay-color":"","overlay-opacity":"","overlay-gradient":""},"mobile":{"background-color":"","background-image":"","background-repeat":"repeat","background-position":"center center","background-size":"auto","background-attachment":"scroll","background-type":"","background-media":"","overlay-type":"","overlay-color":"","overlay-opacity":"","overlay-gradient":""}},"ast-content-background-meta":{"desktop":{"background-color":"var(--ast-global-color-5)","background-image":"","background-repeat":"repeat","background-position":"center center","background-size":"auto","background-attachment":"scroll","background-type":"","background-media":"","overlay-type":"","overlay-color":"","overlay-opacity":"","overlay-gradient":""},"tablet":{"background-color":"var(--ast-global-color-5)","background-image":"","background-repeat":"repeat","background-position":"center center","background-size":"auto","background-attachment":"scroll","background-type":"","background-media":"","overlay-type":"","overlay-color":"","overlay-opacity":"","overlay-gradient":""},"mobile":{"background-color":"var(--ast-global-color-5)","background-image":"","background-repeat":"repeat","background-position":"center center","background-size":"auto","background-attachment":"scroll","background-type":"","background-media":"","overlay-type":"","overlay-color":"","overlay-opacity":"","overlay-gradient":""}},"footnotes":""},"class_list":["post-74","page","type-page","status-publish","hentry"],"yoast_head":"<!-- This site is optimized with the Yoast SEO plugin v27.5 - https:\/\/yoast.com\/product\/yoast-seo-wordpress\/ -->\n<title>En Val d&#039;Oise -<\/title>\n<meta name=\"robots\" content=\"index, follow, max-snippet:-1, max-image-preview:large, max-video-preview:-1\" \/>\n<link rel=\"canonical\" href=\"https:\/\/pierrebarros.fr\/index.php\/en-val-doise\/\" \/>\n<meta property=\"og:locale\" content=\"fr_FR\" \/>\n<meta property=\"og:type\" content=\"article\" \/>\n<meta property=\"og:title\" content=\"En Val d&#039;Oise -\" \/>\n<meta property=\"og:description\" content=\"En Val d&rsquo;Oise A vos c\u00f4t\u00e9s &#8211; Retour en bref et en images &#8211; Janvier 2025 Lire la suite A [&hellip;]\" \/>\n<meta property=\"og:url\" content=\"https:\/\/pierrebarros.fr\/index.php\/en-val-doise\/\" \/>\n<meta property=\"article:modified_time\" content=\"2025-03-01T09:39:02+00:00\" \/>\n<meta property=\"og:image\" content=\"https:\/\/pierrebarros.fr\/wp-content\/uploads\/2025\/02\/36-768x547.jpg\" \/>\n<meta name=\"twitter:card\" content=\"summary_large_image\" \/>\n<meta name=\"twitter:label1\" content=\"Dur\u00e9e de lecture estim\u00e9e\" \/>\n\t<meta name=\"twitter:data1\" content=\"6 minutes\" \/>\n<script type=\"application\/ld+json\" class=\"yoast-schema-graph\">{\"@context\":\"https:\\\/\\\/schema.org\",\"@graph\":[{\"@type\":\"WebPage\",\"@id\":\"https:\\\/\\\/pierrebarros.fr\\\/index.php\\\/en-val-doise\\\/\",\"url\":\"https:\\\/\\\/pierrebarros.fr\\\/index.php\\\/en-val-doise\\\/\",\"name\":\"En Val d'Oise -\",\"isPartOf\":{\"@id\":\"https:\\\/\\\/pierrebarros.fr\\\/#website\"},\"primaryImageOfPage\":{\"@id\":\"https:\\\/\\\/pierrebarros.fr\\\/index.php\\\/en-val-doise\\\/#primaryimage\"},\"image\":{\"@id\":\"https:\\\/\\\/pierrebarros.fr\\\/index.php\\\/en-val-doise\\\/#primaryimage\"},\"thumbnailUrl\":\"https:\\\/\\\/pierrebarros.fr\\\/wp-content\\\/uploads\\\/2025\\\/02\\\/36-768x547.jpg\",\"datePublished\":\"2024-02-15T19:15:31+00:00\",\"dateModified\":\"2025-03-01T09:39:02+00:00\",\"breadcrumb\":{\"@id\":\"https:\\\/\\\/pierrebarros.fr\\\/index.php\\\/en-val-doise\\\/#breadcrumb\"},\"inLanguage\":\"fr-FR\",\"potentialAction\":[{\"@type\":\"ReadAction\",\"target\":[\"https:\\\/\\\/pierrebarros.fr\\\/index.php\\\/en-val-doise\\\/\"]}]},{\"@type\":\"ImageObject\",\"inLanguage\":\"fr-FR\",\"@id\":\"https:\\\/\\\/pierrebarros.fr\\\/index.php\\\/en-val-doise\\\/#primaryimage\",\"url\":\"https:\\\/\\\/i0.wp.com\\\/pierrebarros.fr\\\/wp-content\\\/uploads\\\/2025\\\/02\\\/36.jpg?fit=1225%2C873&ssl=1\",\"contentUrl\":\"https:\\\/\\\/i0.wp.com\\\/pierrebarros.fr\\\/wp-content\\\/uploads\\\/2025\\\/02\\\/36.jpg?fit=1225%2C873&ssl=1\",\"width\":1225,\"height\":873},{\"@type\":\"BreadcrumbList\",\"@id\":\"https:\\\/\\\/pierrebarros.fr\\\/index.php\\\/en-val-doise\\\/#breadcrumb\",\"itemListElement\":[{\"@type\":\"ListItem\",\"position\":1,\"name\":\"Accueil\",\"item\":\"https:\\\/\\\/pierrebarros.fr\\\/\"},{\"@type\":\"ListItem\",\"position\":2,\"name\":\"En Val d&rsquo;Oise\"}]},{\"@type\":\"WebSite\",\"@id\":\"https:\\\/\\\/pierrebarros.fr\\\/#website\",\"url\":\"https:\\\/\\\/pierrebarros.fr\\\/\",\"name\":\"\",\"description\":\"S\u00e9nateur du Val-d&#039;Oise\",\"potentialAction\":[{\"@type\":\"SearchAction\",\"target\":{\"@type\":\"EntryPoint\",\"urlTemplate\":\"https:\\\/\\\/pierrebarros.fr\\\/?s={search_term_string}\"},\"query-input\":{\"@type\":\"PropertyValueSpecification\",\"valueRequired\":true,\"valueName\":\"search_term_string\"}}],\"inLanguage\":\"fr-FR\"}]}<\/script>\n<!-- \/ Yoast SEO plugin. -->","yoast_head_json":{"title":"En Val d'Oise -","robots":{"index":"index","follow":"follow","max-snippet":"max-snippet:-1","max-image-preview":"max-image-preview:large","max-video-preview":"max-video-preview:-1"},"canonical":"https:\/\/pierrebarros.fr\/index.php\/en-val-doise\/","og_locale":"fr_FR","og_type":"article","og_title":"En Val d'Oise -","og_description":"En Val d&rsquo;Oise A vos c\u00f4t\u00e9s &#8211; Retour en bref et en images &#8211; Janvier 2025 Lire la suite A [&hellip;]","og_url":"https:\/\/pierrebarros.fr\/index.php\/en-val-doise\/","article_modified_time":"2025-03-01T09:39:02+00:00","og_image":[{"url":"https:\/\/pierrebarros.fr\/wp-content\/uploads\/2025\/02\/36-768x547.jpg","type":"","width":"","height":""}],"twitter_card":"summary_large_image","twitter_misc":{"Dur\u00e9e de lecture estim\u00e9e":"6 minutes"},"schema":{"@context":"https:\/\/schema.org","@graph":[{"@type":"WebPage","@id":"https:\/\/pierrebarros.fr\/index.php\/en-val-doise\/","url":"https:\/\/pierrebarros.fr\/index.php\/en-val-doise\/","name":"En Val d'Oise -","isPartOf":{"@id":"https:\/\/pierrebarros.fr\/#website"},"primaryImageOfPage":{"@id":"https:\/\/pierrebarros.fr\/index.php\/en-val-doise\/#primaryimage"},"image":{"@id":"https:\/\/pierrebarros.fr\/index.php\/en-val-doise\/#primaryimage"},"thumbnailUrl":"https:\/\/pierrebarros.fr\/wp-content\/uploads\/2025\/02\/36-768x547.jpg","datePublished":"2024-02-15T19:15:31+00:00","dateModified":"2025-03-01T09:39:02+00:00","breadcrumb":{"@id":"https:\/\/pierrebarros.fr\/index.php\/en-val-doise\/#breadcrumb"},"inLanguage":"fr-FR","potentialAction":[{"@type":"ReadAction","target":["https:\/\/pierrebarros.fr\/index.php\/en-val-doise\/"]}]},{"@type":"ImageObject","inLanguage":"fr-FR","@id":"https:\/\/pierrebarros.fr\/index.php\/en-val-doise\/#primaryimage","url":"https:\/\/i0.wp.com\/pierrebarros.fr\/wp-content\/uploads\/2025\/02\/36.jpg?fit=1225%2C873&ssl=1","contentUrl":"https:\/\/i0.wp.com\/pierrebarros.fr\/wp-content\/uploads\/2025\/02\/36.jpg?fit=1225%2C873&ssl=1","width":1225,"height":873},{"@type":"BreadcrumbList","@id":"https:\/\/pierrebarros.fr\/index.php\/en-val-doise\/#breadcrumb","itemListElement":[{"@type":"ListItem","position":1,"name":"Accueil","item":"https:\/\/pierrebarros.fr\/"},{"@type":"ListItem","position":2,"name":"En Val d&rsquo;Oise"}]},{"@type":"WebSite","@id":"https:\/\/pierrebarros.fr\/#website","url":"https:\/\/pierrebarros.fr\/","name":"","description":"S\u00e9nateur du Val-d&#039;Oise","potentialAction":[{"@type":"SearchAction","target":{"@type":"EntryPoint","urlTemplate":"https:\/\/pierrebarros.fr\/?s={search_term_string}"},"query-input":{"@type":"PropertyValueSpecification","valueRequired":true,"valueName":"search_term_string"}}],"inLanguage":"fr-FR"}]}},"jetpack-related-posts":[],"jetpack_sharing_enabled":true,"_links":{"self":[{"href":"https:\/\/pierrebarros.fr\/index.php\/wp-json\/wp\/v2\/pages\/74","targetHints":{"allow":["GET"]}}],"collection":[{"href":"https:\/\/pierrebarros.fr\/index.php\/wp-json\/wp\/v2\/pages"}],"about":[{"href":"https:\/\/pierrebarros.fr\/index.php\/wp-json\/wp\/v2\/types\/page"}],"author":[{"embeddable":true,"href":"https:\/\/pierrebarros.fr\/index.php\/wp-json\/wp\/v2\/users\/2"}],"replies":[{"embeddable":true,"href":"https:\/\/pierrebarros.fr\/index.php\/wp-json\/wp\/v2\/comments?post=74"}],"version-history":[{"count":12,"href":"https:\/\/pierrebarros.fr\/index.php\/wp-json\/wp\/v2\/pages\/74\/revisions"}],"predecessor-version":[{"id":2526,"href":"https:\/\/pierrebarros.fr\/index.php\/wp-json\/wp\/v2\/pages\/74\/revisions\/2526"}],"wp:attachment":[{"href":"https:\/\/pierrebarros.fr\/index.php\/wp-json\/wp\/v2\/media?parent=74"}],"curies":[{"name":"wp","href":"https:\/\/api.w.org\/{rel}","templated":true}]}}